{"id":3921,"date":"2016-08-10T05:22:33","date_gmt":"2016-08-10T05:22:33","guid":{"rendered":"http:\/\/lfelsalvador.org\/fr\/?page_id=3921"},"modified":"2016-08-10T14:13:39","modified_gmt":"2016-08-10T14:13:39","slug":"les-apprentissages-a-lecole-maternelle","status":"publish","type":"page","link":"https:\/\/lfelsalvador.org\/fr\/pedagogie\/early-childhood-ecole\/les-apprentissages-a-lecole-maternelle\/","title":{"rendered":"Les apprentissages \u00e0 l\u2019\u00e9cole maternelle"},"content":{"rendered":"<p>Le programme est divis\u00e9 en <strong>cinq domaines d\u2019activit\u00e9<\/strong>:<\/p>\n<ul>\n<li>Mobiliser le langage dans toutes ses dimensions<\/li>\n<li>Agir, s\u2019exprimer, comprendre \u00e0 travers l\u2019activit\u00e9 physique<\/li>\n<li>Agir, s\u2019exprimer, comprendre \u00e0 travers les activit\u00e9s artistiques<\/li>\n<li>Construire les premiers outils pour structurer sa pens\u00e9e<\/li>\n<li>Explorer le monde<\/li>\n<\/ul>\n<p>La petite section, la moyenne section et la grande section d\u2019\u00e9cole maternelle forment le cycle 1, ou cycle des apprentissages premiers.<\/p>\n<p>Le programme de l\u2019\u00e9cole maternelle n\u2019est pas encadr\u00e9 par un horaire contraignant. Il pr\u00e9sente les grands domaines d\u2019activit\u00e9s \u00e0 aborder sur les trois ann\u00e9es de la scolarit\u00e9. Il fixe les objectifs \u00e0 atteindre et d\u00e9crit les comp\u00e9tences \u00e0 construire avant le passage \u00e0 l\u2019\u00e9cole \u00e9l\u00e9mentaire.<\/p>\n","protected":false},"excerpt":{"rendered":"<p>Le programme est divis\u00e9 en cinq domaines d\u2019activit\u00e9: Mobiliser le langage dans toutes ses dimensions Agir, s\u2019exprimer, comprendre \u00e0 travers l\u2019activit\u00e9 physique Agir, s\u2019exprimer, comprendre \u00e0 travers les activit\u00e9s artistiques Construire les premiers outils pour structurer sa pens\u00e9e Explorer le monde La petite section, la moyenne section et la grande section d\u2019\u00e9cole maternelle forment le [&hellip;]<\/p>\n","protected":false},"author":1,"featured_media":0,"parent":3914,"menu_order":0,"comment_status":"closed","ping_status":"closed","template":"","meta":{"footnotes":""},"class_list":["post-3921","page","type-page","status-publish","hentry"],"yoast_head":"<!-- This site is optimized with the Yoast SEO plugin v27.2 - https:\/\/yoast.com\/product\/yoast-seo-wordpress\/ -->\n<title>Les apprentissages \u00e0 l\u2019\u00e9cole maternelle | Liceo Frances de San Salvador<\/title>\n<meta name=\"robots\" content=\"index, follow, max-snippet:-1, max-image-preview:large, max-video-preview:-1\" \/>\n<link rel=\"canonical\" href=\"https:\/\/lfelsalvador.org\/fr\/pedagogie\/early-childhood-ecole\/les-apprentissages-a-lecole-maternelle\/\" \/>\n<meta property=\"og:locale\" content=\"fr_FR\" \/>\n<meta property=\"og:type\" content=\"article\" \/>\n<meta property=\"og:title\" content=\"Les apprentissages \u00e0 l\u2019\u00e9cole maternelle | Liceo Frances de San Salvador\" \/>\n<meta property=\"og:description\" content=\"Le programme est divis\u00e9 en cinq domaines d\u2019activit\u00e9: Mobiliser le langage dans toutes ses dimensions Agir, s\u2019exprimer, comprendre \u00e0 travers l\u2019activit\u00e9 physique Agir, s\u2019exprimer, comprendre \u00e0 travers les activit\u00e9s artistiques Construire les premiers outils pour structurer sa pens\u00e9e Explorer le monde La petite section, la moyenne section et la grande section d\u2019\u00e9cole maternelle forment le [&hellip;]\" \/>\n<meta property=\"og:url\" content=\"https:\/\/lfelsalvador.org\/fr\/pedagogie\/early-childhood-ecole\/les-apprentissages-a-lecole-maternelle\/\" \/>\n<meta property=\"og:site_name\" content=\"Liceo Frances de San Salvador\" \/>\n<meta property=\"article:publisher\" content=\"https:\/\/www.facebook.com\/lfelsalvador\/\" \/>\n<meta property=\"article:modified_time\" content=\"2016-08-10T14:13:39+00:00\" \/>\n<meta property=\"og:image\" content=\"http:\/\/lfelsalvador.org\/wp-content\/uploads\/2016\/08\/Site-4.jpg\" \/>\n<meta name=\"twitter:card\" content=\"summary_large_image\" \/>\n<meta name=\"twitter:site\" content=\"@lfelsalvador1\" \/>\n<meta name=\"twitter:label1\" content=\"Dur\u00e9e de lecture estim\u00e9e\" \/>\n\t<meta name=\"twitter:data1\" content=\"1 minute\" \/>\n<script type=\"application\/ld+json\" class=\"yoast-schema-graph\">{\"@context\":\"https:\/\/schema.org\",\"@graph\":[{\"@type\":\"WebPage\",\"@id\":\"https:\/\/lfelsalvador.org\/fr\/pedagogie\/early-childhood-ecole\/les-apprentissages-a-lecole-maternelle\/\",\"url\":\"https:\/\/lfelsalvador.org\/fr\/pedagogie\/early-childhood-ecole\/les-apprentissages-a-lecole-maternelle\/\",\"name\":\"Les apprentissages \u00e0 l\u2019\u00e9cole maternelle | Liceo Frances de San Salvador\",\"isPartOf\":{\"@id\":\"https:\/\/lfelsalvador.org\/#website\"},\"datePublished\":\"2016-08-10T05:22:33+00:00\",\"dateModified\":\"2016-08-10T14:13:39+00:00\",\"breadcrumb\":{\"@id\":\"https:\/\/lfelsalvador.org\/fr\/pedagogie\/early-childhood-ecole\/les-apprentissages-a-lecole-maternelle\/#breadcrumb\"},\"inLanguage\":\"fr-FR\",\"potentialAction\":[{\"@type\":\"ReadAction\",\"target\":[\"https:\/\/lfelsalvador.org\/fr\/pedagogie\/early-childhood-ecole\/les-apprentissages-a-lecole-maternelle\/\"]}]},{\"@type\":\"BreadcrumbList\",\"@id\":\"https:\/\/lfelsalvador.org\/fr\/pedagogie\/early-childhood-ecole\/les-apprentissages-a-lecole-maternelle\/#breadcrumb\",\"itemListElement\":[{\"@type\":\"ListItem\",\"position\":1,\"name\":\"Portada\",\"item\":\"https:\/\/lfelsalvador.org\/fr\/\"},{\"@type\":\"ListItem\",\"position\":2,\"name\":\"P\u00e9dagogie\",\"item\":\"https:\/\/lfelsalvador.org\/fr\/pedagogie\/\"},{\"@type\":\"ListItem\",\"position\":3,\"name\":\"L\u2019\u00e9cole Maternelle\",\"item\":\"https:\/\/lfelsalvador.org\/fr\/pedagogie\/early-childhood-ecole\/\"},{\"@type\":\"ListItem\",\"position\":4,\"name\":\"Les apprentissages \u00e0 l\u2019\u00e9cole maternelle\"}]},{\"@type\":\"WebSite\",\"@id\":\"https:\/\/lfelsalvador.org\/#website\",\"url\":\"https:\/\/lfelsalvador.org\/\",\"name\":\"Liceo Frances de San Salvador\",\"description\":\"\",\"potentialAction\":[{\"@type\":\"SearchAction\",\"target\":{\"@type\":\"EntryPoint\",\"urlTemplate\":\"https:\/\/lfelsalvador.org\/?s={search_term_string}\"},\"query-input\":{\"@type\":\"PropertyValueSpecification\",\"valueRequired\":true,\"valueName\":\"search_term_string\"}}],\"inLanguage\":\"fr-FR\"}]}<\/script>\n<!-- \/ Yoast SEO plugin. -->","yoast_head_json":{"title":"Les apprentissages \u00e0 l\u2019\u00e9cole maternelle | Liceo Frances de San Salvador","robots":{"index":"index","follow":"follow","max-snippet":"max-snippet:-1","max-image-preview":"max-image-preview:large","max-video-preview":"max-video-preview:-1"},"canonical":"https:\/\/lfelsalvador.org\/fr\/pedagogie\/early-childhood-ecole\/les-apprentissages-a-lecole-maternelle\/","og_locale":"fr_FR","og_type":"article","og_title":"Les apprentissages \u00e0 l\u2019\u00e9cole maternelle | Liceo Frances de San Salvador","og_description":"Le programme est divis\u00e9 en cinq domaines d\u2019activit\u00e9: Mobiliser le langage dans toutes ses dimensions Agir, s\u2019exprimer, comprendre \u00e0 travers l\u2019activit\u00e9 physique Agir, s\u2019exprimer, comprendre \u00e0 travers les activit\u00e9s artistiques Construire les premiers outils pour structurer sa pens\u00e9e Explorer le monde La petite section, la moyenne section et la grande section d\u2019\u00e9cole maternelle forment le [&hellip;]","og_url":"https:\/\/lfelsalvador.org\/fr\/pedagogie\/early-childhood-ecole\/les-apprentissages-a-lecole-maternelle\/","og_site_name":"Liceo Frances de San Salvador","article_publisher":"https:\/\/www.facebook.com\/lfelsalvador\/","article_modified_time":"2016-08-10T14:13:39+00:00","og_image":[{"url":"http:\/\/lfelsalvador.org\/wp-content\/uploads\/2016\/08\/Site-4.jpg","type":"","width":"","height":""}],"twitter_card":"summary_large_image","twitter_site":"@lfelsalvador1","twitter_misc":{"Dur\u00e9e de lecture estim\u00e9e":"1 minute"},"schema":{"@context":"https:\/\/schema.org","@graph":[{"@type":"WebPage","@id":"https:\/\/lfelsalvador.org\/fr\/pedagogie\/early-childhood-ecole\/les-apprentissages-a-lecole-maternelle\/","url":"https:\/\/lfelsalvador.org\/fr\/pedagogie\/early-childhood-ecole\/les-apprentissages-a-lecole-maternelle\/","name":"Les apprentissages \u00e0 l\u2019\u00e9cole maternelle | Liceo Frances de San Salvador","isPartOf":{"@id":"https:\/\/lfelsalvador.org\/#website"},"datePublished":"2016-08-10T05:22:33+00:00","dateModified":"2016-08-10T14:13:39+00:00","breadcrumb":{"@id":"https:\/\/lfelsalvador.org\/fr\/pedagogie\/early-childhood-ecole\/les-apprentissages-a-lecole-maternelle\/#breadcrumb"},"inLanguage":"fr-FR","potentialAction":[{"@type":"ReadAction","target":["https:\/\/lfelsalvador.org\/fr\/pedagogie\/early-childhood-ecole\/les-apprentissages-a-lecole-maternelle\/"]}]},{"@type":"BreadcrumbList","@id":"https:\/\/lfelsalvador.org\/fr\/pedagogie\/early-childhood-ecole\/les-apprentissages-a-lecole-maternelle\/#breadcrumb","itemListElement":[{"@type":"ListItem","position":1,"name":"Portada","item":"https:\/\/lfelsalvador.org\/fr\/"},{"@type":"ListItem","position":2,"name":"P\u00e9dagogie","item":"https:\/\/lfelsalvador.org\/fr\/pedagogie\/"},{"@type":"ListItem","position":3,"name":"L\u2019\u00e9cole Maternelle","item":"https:\/\/lfelsalvador.org\/fr\/pedagogie\/early-childhood-ecole\/"},{"@type":"ListItem","position":4,"name":"Les apprentissages \u00e0 l\u2019\u00e9cole maternelle"}]},{"@type":"WebSite","@id":"https:\/\/lfelsalvador.org\/#website","url":"https:\/\/lfelsalvador.org\/","name":"Liceo Frances de San Salvador","description":"","potentialAction":[{"@type":"SearchAction","target":{"@type":"EntryPoint","urlTemplate":"https:\/\/lfelsalvador.org\/?s={search_term_string}"},"query-input":{"@type":"PropertyValueSpecification","valueRequired":true,"valueName":"search_term_string"}}],"inLanguage":"fr-FR"}]}},"_links":{"self":[{"href":"https:\/\/lfelsalvador.org\/fr\/wp-json\/wp\/v2\/pages\/3921","targetHints":{"allow":["GET"]}}],"collection":[{"href":"https:\/\/lfelsalvador.org\/fr\/wp-json\/wp\/v2\/pages"}],"about":[{"href":"https:\/\/lfelsalvador.org\/fr\/wp-json\/wp\/v2\/types\/page"}],"author":[{"embeddable":true,"href":"https:\/\/lfelsalvador.org\/fr\/wp-json\/wp\/v2\/users\/1"}],"replies":[{"embeddable":true,"href":"https:\/\/lfelsalvador.org\/fr\/wp-json\/wp\/v2\/comments?post=3921"}],"version-history":[{"count":5,"href":"https:\/\/lfelsalvador.org\/fr\/wp-json\/wp\/v2\/pages\/3921\/revisions"}],"predecessor-version":[{"id":3959,"href":"https:\/\/lfelsalvador.org\/fr\/wp-json\/wp\/v2\/pages\/3921\/revisions\/3959"}],"up":[{"embeddable":true,"href":"https:\/\/lfelsalvador.org\/fr\/wp-json\/wp\/v2\/pages\/3914"}],"wp:attachment":[{"href":"https:\/\/lfelsalvador.org\/fr\/wp-json\/wp\/v2\/media?parent=3921"}],"curies":[{"name":"wp","href":"https:\/\/api.w.org\/{rel}","templated":true}]}}