{"id":3919,"date":"2016-08-10T05:20:02","date_gmt":"2016-08-10T05:20:02","guid":{"rendered":"http:\/\/lfelsalvador.org\/fr\/?page_id=3919"},"modified":"2025-11-05T21:26:30","modified_gmt":"2025-11-05T21:26:30","slug":"lecole-maternelle-du-lycee-francais-de-san-salvador","status":"publish","type":"page","link":"https:\/\/lfelsalvador.org\/fr\/pedagogie\/early-childhood-ecole\/lecole-maternelle-du-lycee-francais-de-san-salvador\/","title":{"rendered":"L\u2019\u00e9cole maternelle du lyc\u00e9e fran\u00e7ais de San Salvador"},"content":{"rendered":"\n<figure class=\"wp-block-embed is-type-video is-provider-youtube wp-block-embed-youtube wp-embed-aspect-16-9 wp-has-aspect-ratio\"><div class=\"wp-block-embed__wrapper\">\n<iframe loading=\"lazy\" title=\"Bienvenue \u00e0 la maternelle du Lyc\u00e9e Fran\u00e7ais de San Salvador\" width=\"800\" height=\"450\" src=\"https:\/\/www.youtube.com\/embed\/NwtnIv9JF5Y?feature=oembed\" frameborder=\"0\" allow=\"accelerometer; autoplay; clipboard-write; encrypted-media; gyroscope; picture-in-picture; web-share\" referrerpolicy=\"strict-origin-when-cross-origin\" allowfullscreen><\/iframe>\n<\/div><\/figure>\n\n\n<p>Depuis l&rsquo;ann\u00e9e scolaire 2021-2022, le Lyc\u00e9e a mis en place le projet \u00a0\u00bb Classes multi-\u00e2ges \u00a0\u00bb \u00e0 l&rsquo;\u00e9cole maternelle. Le projet consiste \u00e0 avoir 12 classes de maternelle avec des enfants de 3 \u00e0 5 ans travaillant ensemble.<\/p>\n<p>Vous trouverez ci-dessous une pr\u00e9sentation portant sur l&rsquo;objectif des classes multi-\u00e2ges et leur fonctionnement.<\/p>\n<p><a href=\"https:\/\/lfelsalvador.org\/wp-content\/uploads\/2021\/07\/Clases-multiedades-Liceo-France\u0301s-de-San-Salvador.pdf\">Projet classes multi-\u00e2ges<\/a><\/p>\n<p>Les \u00e9l\u00e8ves apprennent peu \u00e0 peu la langue fran\u00e7aise, ce qui, avec la socialisation, est un des objectifs principaux de cette scolarisation pr\u00e9coce. Parall\u00e8lement ils continuent \u00e0 apprendre leur langue maternelle. En effet, trois professeurs d\u2019espagnol travaillent \u00e0 plein temps aupr\u00e8s de nos \u00e9l\u00e8ves.<\/p>\n<p>Les \u00e9l\u00e8ves sont pris en charge dans chaque classe par une enseignante et une assistante qui, toutes deux, parlent fran\u00e7ais et espagnol. L\u2019\u00e9cole maternelle compte par ailleurs de nombreux autres personnels : une enseignante rempla\u00e7ante, un professeur de musique, un professeur de natation pour les \u00e9l\u00e8ves de Grande section, une biblioth\u00e9caire, une psychologue et six personnels de service.<\/p>\n<p>Les \u00e9l\u00e8ves apprennent peu \u00e0 peu la langue fran\u00e7aise. Parall\u00e8lement ils continuent \u00e0 apprendre leur langue maternelle ; trois professeurs d\u2019espagnol travaillent \u00e0 plein temps aupr\u00e8s de nos \u00e9l\u00e8ves.<\/p>\n<p>L\u2019\u00e9cole maternelle offre de nombreux espaces adapt\u00e9s aux \u00e9l\u00e8ves:<\/p>\n<ul>\n<li>une marmoth\u00e8que<\/li>\n<li>une salle de motricit\u00e9<\/li>\n<li>une cuisine p\u00e9dagogique<\/li>\n<li>un jardin p\u00e9dagogique<\/li>\n<li>des salles de classe de plus de 60m\u00b2 parfaitement \u00e9quip\u00e9es<\/li>\n<li>une salle d\u2019accueil polyvalente<\/li>\n<li>des toilettes adapt\u00e9s<\/li>\n<li>des cours de r\u00e9cr\u00e9ations a\u00e9r\u00e9es pourvues de jeux modernes<\/li>\n<li>des charriots mobiles d\u2019Ipads<\/li>\n<li>une salle vid\u00e9o<\/li>\n<\/ul>\n<p><a href=\"https:\/\/prezi.com\/view\/84dpBu0KWBBpT8yB0pnA\/\">L&rsquo;\u00e9cole maternelle \u00e0 la fran\u00e7aise<\/a><\/p>\n<p><a href=\"https:\/\/lfelsalvador.org\/wp-content\/uploads\/2018\/09\/Mon-carnet-de-suivi-des-apprentissages-maternelle.pdf\">Mon carnet de suivi des apprentissages<\/a><\/p>","protected":false},"excerpt":{"rendered":"<p>Depuis l&rsquo;ann\u00e9e scolaire 2021-2022, le Lyc\u00e9e a mis en place le projet \u00a0\u00bb Classes multi-\u00e2ges \u00a0\u00bb \u00e0 l&rsquo;\u00e9cole maternelle. Le projet consiste \u00e0 avoir 12 classes de maternelle avec des enfants de 3 \u00e0 5 ans travaillant ensemble. Vous trouverez ci-dessous une pr\u00e9sentation portant sur l&rsquo;objectif des classes multi-\u00e2ges et leur fonctionnement. Projet classes multi-\u00e2ges [&hellip;]<\/p>\n","protected":false},"author":1,"featured_media":0,"parent":3914,"menu_order":0,"comment_status":"closed","ping_status":"closed","template":"","meta":{"footnotes":""},"class_list":["post-3919","page","type-page","status-publish","hentry"],"yoast_head":"<!-- This site is optimized with the Yoast SEO plugin v27.2 - https:\/\/yoast.com\/product\/yoast-seo-wordpress\/ -->\n<title>L\u2019\u00e9cole maternelle du lyc\u00e9e fran\u00e7ais de San Salvador | Liceo Frances de San Salvador<\/title>\n<meta name=\"robots\" content=\"index, follow, max-snippet:-1, max-image-preview:large, max-video-preview:-1\" \/>\n<link rel=\"canonical\" href=\"https:\/\/lfelsalvador.org\/fr\/pedagogie\/early-childhood-ecole\/lecole-maternelle-du-lycee-francais-de-san-salvador\/\" \/>\n<meta property=\"og:locale\" content=\"fr_FR\" \/>\n<meta property=\"og:type\" content=\"article\" \/>\n<meta property=\"og:title\" content=\"L\u2019\u00e9cole maternelle du lyc\u00e9e fran\u00e7ais de San Salvador | Liceo Frances de San Salvador\" \/>\n<meta property=\"og:description\" content=\"Depuis l&rsquo;ann\u00e9e scolaire 2021-2022, le Lyc\u00e9e a mis en place le projet \u00a0\u00bb Classes multi-\u00e2ges \u00a0\u00bb \u00e0 l&rsquo;\u00e9cole maternelle. Le projet consiste \u00e0 avoir 12 classes de maternelle avec des enfants de 3 \u00e0 5 ans travaillant ensemble. Vous trouverez ci-dessous une pr\u00e9sentation portant sur l&rsquo;objectif des classes multi-\u00e2ges et leur fonctionnement. Projet classes multi-\u00e2ges [&hellip;]\" \/>\n<meta property=\"og:url\" content=\"https:\/\/lfelsalvador.org\/fr\/pedagogie\/early-childhood-ecole\/lecole-maternelle-du-lycee-francais-de-san-salvador\/\" \/>\n<meta property=\"og:site_name\" content=\"Liceo Frances de San Salvador\" \/>\n<meta property=\"article:publisher\" content=\"https:\/\/www.facebook.com\/lfelsalvador\/\" \/>\n<meta property=\"article:modified_time\" content=\"2025-11-05T21:26:30+00:00\" \/>\n<meta property=\"og:image\" content=\"http:\/\/lfelsalvador.org\/wp-content\/uploads\/2016\/08\/Site-4.jpg\" \/>\n<meta name=\"twitter:card\" content=\"summary_large_image\" \/>\n<meta name=\"twitter:site\" content=\"@lfelsalvador1\" \/>\n<meta name=\"twitter:label1\" content=\"Dur\u00e9e de lecture estim\u00e9e\" \/>\n\t<meta name=\"twitter:data1\" content=\"2 minutes\" \/>\n<script type=\"application\/ld+json\" class=\"yoast-schema-graph\">{\"@context\":\"https:\/\/schema.org\",\"@graph\":[{\"@type\":\"WebPage\",\"@id\":\"https:\/\/lfelsalvador.org\/fr\/pedagogie\/early-childhood-ecole\/lecole-maternelle-du-lycee-francais-de-san-salvador\/\",\"url\":\"https:\/\/lfelsalvador.org\/fr\/pedagogie\/early-childhood-ecole\/lecole-maternelle-du-lycee-francais-de-san-salvador\/\",\"name\":\"L\u2019\u00e9cole maternelle du lyc\u00e9e fran\u00e7ais de San Salvador | Liceo Frances de San Salvador\",\"isPartOf\":{\"@id\":\"https:\/\/lfelsalvador.org\/#website\"},\"datePublished\":\"2016-08-10T05:20:02+00:00\",\"dateModified\":\"2025-11-05T21:26:30+00:00\",\"breadcrumb\":{\"@id\":\"https:\/\/lfelsalvador.org\/fr\/pedagogie\/early-childhood-ecole\/lecole-maternelle-du-lycee-francais-de-san-salvador\/#breadcrumb\"},\"inLanguage\":\"fr-FR\",\"potentialAction\":[{\"@type\":\"ReadAction\",\"target\":[\"https:\/\/lfelsalvador.org\/fr\/pedagogie\/early-childhood-ecole\/lecole-maternelle-du-lycee-francais-de-san-salvador\/\"]}]},{\"@type\":\"BreadcrumbList\",\"@id\":\"https:\/\/lfelsalvador.org\/fr\/pedagogie\/early-childhood-ecole\/lecole-maternelle-du-lycee-francais-de-san-salvador\/#breadcrumb\",\"itemListElement\":[{\"@type\":\"ListItem\",\"position\":1,\"name\":\"Portada\",\"item\":\"https:\/\/lfelsalvador.org\/fr\/\"},{\"@type\":\"ListItem\",\"position\":2,\"name\":\"P\u00e9dagogie\",\"item\":\"https:\/\/lfelsalvador.org\/fr\/pedagogie\/\"},{\"@type\":\"ListItem\",\"position\":3,\"name\":\"L\u2019\u00e9cole Maternelle\",\"item\":\"https:\/\/lfelsalvador.org\/fr\/pedagogie\/early-childhood-ecole\/\"},{\"@type\":\"ListItem\",\"position\":4,\"name\":\"L\u2019\u00e9cole maternelle du lyc\u00e9e fran\u00e7ais de San Salvador\"}]},{\"@type\":\"WebSite\",\"@id\":\"https:\/\/lfelsalvador.org\/#website\",\"url\":\"https:\/\/lfelsalvador.org\/\",\"name\":\"Liceo Frances de San Salvador\",\"description\":\"\",\"potentialAction\":[{\"@type\":\"SearchAction\",\"target\":{\"@type\":\"EntryPoint\",\"urlTemplate\":\"https:\/\/lfelsalvador.org\/?s={search_term_string}\"},\"query-input\":{\"@type\":\"PropertyValueSpecification\",\"valueRequired\":true,\"valueName\":\"search_term_string\"}}],\"inLanguage\":\"fr-FR\"}]}<\/script>\n<!-- \/ Yoast SEO plugin. -->","yoast_head_json":{"title":"L\u2019\u00e9cole maternelle du lyc\u00e9e fran\u00e7ais de San Salvador | Liceo Frances de San Salvador","robots":{"index":"index","follow":"follow","max-snippet":"max-snippet:-1","max-image-preview":"max-image-preview:large","max-video-preview":"max-video-preview:-1"},"canonical":"https:\/\/lfelsalvador.org\/fr\/pedagogie\/early-childhood-ecole\/lecole-maternelle-du-lycee-francais-de-san-salvador\/","og_locale":"fr_FR","og_type":"article","og_title":"L\u2019\u00e9cole maternelle du lyc\u00e9e fran\u00e7ais de San Salvador | Liceo Frances de San Salvador","og_description":"Depuis l&rsquo;ann\u00e9e scolaire 2021-2022, le Lyc\u00e9e a mis en place le projet \u00a0\u00bb Classes multi-\u00e2ges \u00a0\u00bb \u00e0 l&rsquo;\u00e9cole maternelle. Le projet consiste \u00e0 avoir 12 classes de maternelle avec des enfants de 3 \u00e0 5 ans travaillant ensemble. Vous trouverez ci-dessous une pr\u00e9sentation portant sur l&rsquo;objectif des classes multi-\u00e2ges et leur fonctionnement. Projet classes multi-\u00e2ges [&hellip;]","og_url":"https:\/\/lfelsalvador.org\/fr\/pedagogie\/early-childhood-ecole\/lecole-maternelle-du-lycee-francais-de-san-salvador\/","og_site_name":"Liceo Frances de San Salvador","article_publisher":"https:\/\/www.facebook.com\/lfelsalvador\/","article_modified_time":"2025-11-05T21:26:30+00:00","og_image":[{"url":"http:\/\/lfelsalvador.org\/wp-content\/uploads\/2016\/08\/Site-4.jpg","type":"","width":"","height":""}],"twitter_card":"summary_large_image","twitter_site":"@lfelsalvador1","twitter_misc":{"Dur\u00e9e de lecture estim\u00e9e":"2 minutes"},"schema":{"@context":"https:\/\/schema.org","@graph":[{"@type":"WebPage","@id":"https:\/\/lfelsalvador.org\/fr\/pedagogie\/early-childhood-ecole\/lecole-maternelle-du-lycee-francais-de-san-salvador\/","url":"https:\/\/lfelsalvador.org\/fr\/pedagogie\/early-childhood-ecole\/lecole-maternelle-du-lycee-francais-de-san-salvador\/","name":"L\u2019\u00e9cole maternelle du lyc\u00e9e fran\u00e7ais de San Salvador | Liceo Frances de San Salvador","isPartOf":{"@id":"https:\/\/lfelsalvador.org\/#website"},"datePublished":"2016-08-10T05:20:02+00:00","dateModified":"2025-11-05T21:26:30+00:00","breadcrumb":{"@id":"https:\/\/lfelsalvador.org\/fr\/pedagogie\/early-childhood-ecole\/lecole-maternelle-du-lycee-francais-de-san-salvador\/#breadcrumb"},"inLanguage":"fr-FR","potentialAction":[{"@type":"ReadAction","target":["https:\/\/lfelsalvador.org\/fr\/pedagogie\/early-childhood-ecole\/lecole-maternelle-du-lycee-francais-de-san-salvador\/"]}]},{"@type":"BreadcrumbList","@id":"https:\/\/lfelsalvador.org\/fr\/pedagogie\/early-childhood-ecole\/lecole-maternelle-du-lycee-francais-de-san-salvador\/#breadcrumb","itemListElement":[{"@type":"ListItem","position":1,"name":"Portada","item":"https:\/\/lfelsalvador.org\/fr\/"},{"@type":"ListItem","position":2,"name":"P\u00e9dagogie","item":"https:\/\/lfelsalvador.org\/fr\/pedagogie\/"},{"@type":"ListItem","position":3,"name":"L\u2019\u00e9cole Maternelle","item":"https:\/\/lfelsalvador.org\/fr\/pedagogie\/early-childhood-ecole\/"},{"@type":"ListItem","position":4,"name":"L\u2019\u00e9cole maternelle du lyc\u00e9e fran\u00e7ais de San Salvador"}]},{"@type":"WebSite","@id":"https:\/\/lfelsalvador.org\/#website","url":"https:\/\/lfelsalvador.org\/","name":"Liceo Frances de San Salvador","description":"","potentialAction":[{"@type":"SearchAction","target":{"@type":"EntryPoint","urlTemplate":"https:\/\/lfelsalvador.org\/?s={search_term_string}"},"query-input":{"@type":"PropertyValueSpecification","valueRequired":true,"valueName":"search_term_string"}}],"inLanguage":"fr-FR"}]}},"_links":{"self":[{"href":"https:\/\/lfelsalvador.org\/fr\/wp-json\/wp\/v2\/pages\/3919","targetHints":{"allow":["GET"]}}],"collection":[{"href":"https:\/\/lfelsalvador.org\/fr\/wp-json\/wp\/v2\/pages"}],"about":[{"href":"https:\/\/lfelsalvador.org\/fr\/wp-json\/wp\/v2\/types\/page"}],"author":[{"embeddable":true,"href":"https:\/\/lfelsalvador.org\/fr\/wp-json\/wp\/v2\/users\/1"}],"replies":[{"embeddable":true,"href":"https:\/\/lfelsalvador.org\/fr\/wp-json\/wp\/v2\/comments?post=3919"}],"version-history":[{"count":11,"href":"https:\/\/lfelsalvador.org\/fr\/wp-json\/wp\/v2\/pages\/3919\/revisions"}],"predecessor-version":[{"id":11088,"href":"https:\/\/lfelsalvador.org\/fr\/wp-json\/wp\/v2\/pages\/3919\/revisions\/11088"}],"up":[{"embeddable":true,"href":"https:\/\/lfelsalvador.org\/fr\/wp-json\/wp\/v2\/pages\/3914"}],"wp:attachment":[{"href":"https:\/\/lfelsalvador.org\/fr\/wp-json\/wp\/v2\/media?parent=3919"}],"curies":[{"name":"wp","href":"https:\/\/api.w.org\/{rel}","templated":true}]}}