{"version":"1.0","provider_name":"Liceo Frances de San Salvador","provider_url":"https:\/\/lfelsalvador.org\/fr\/","author_name":"adminlf","author_url":"https:\/\/lfelsalvador.org\/fr\/author\/adminlf\/","title":"Les apprentissages \u00e0 l\u2019\u00e9cole maternelle | Liceo Frances de San Salvador","type":"rich","width":600,"height":338,"html":"<blockquote class=\"wp-embedded-content\" data-secret=\"X94uwz1zcQ\"><a href=\"https:\/\/lfelsalvador.org\/fr\/pedagogie\/early-childhood-ecole\/les-apprentissages-a-lecole-maternelle\/\">Les apprentissages \u00e0 l\u2019\u00e9cole maternelle<\/a><\/blockquote><iframe sandbox=\"allow-scripts\" security=\"restricted\" src=\"https:\/\/lfelsalvador.org\/fr\/pedagogie\/early-childhood-ecole\/les-apprentissages-a-lecole-maternelle\/embed\/#?secret=X94uwz1zcQ\" width=\"600\" height=\"338\" title=\"\u00ab\u00a0Les apprentissages \u00e0 l\u2019\u00e9cole maternelle\u00a0\u00bb &#8212; Liceo Frances de San Salvador\" data-secret=\"X94uwz1zcQ\" frameborder=\"0\" marginwidth=\"0\" marginheight=\"0\" scrolling=\"no\" class=\"wp-embedded-content\"><\/iframe><script type=\"text\/javascript\">\n\/* <![CDATA[ *\/\n\/*! This file is auto-generated *\/\n!function(d,l){\"use strict\";l.querySelector&&d.addEventListener&&\"undefined\"!=typeof URL&&(d.wp=d.wp||{},d.wp.receiveEmbedMessage||(d.wp.receiveEmbedMessage=function(e){var t=e.data;if((t||t.secret||t.message||t.value)&&!\/[^a-zA-Z0-9]\/.test(t.secret)){for(var s,r,n,a=l.querySelectorAll('iframe[data-secret=\"'+t.secret+'\"]'),o=l.querySelectorAll('blockquote[data-secret=\"'+t.secret+'\"]'),c=new RegExp(\"^https?:$\",\"i\"),i=0;i<o.length;i++)o[i].style.display=\"none\";for(i=0;i<a.length;i++)s=a[i],e.source===s.contentWindow&&(s.removeAttribute(\"style\"),\"height\"===t.message?(1e3<(r=parseInt(t.value,10))?r=1e3:~~r<200&&(r=200),s.height=r):\"link\"===t.message&&(r=new URL(s.getAttribute(\"src\")),n=new URL(t.value),c.test(n.protocol))&&n.host===r.host&&l.activeElement===s&&(d.top.location.href=t.value))}},d.addEventListener(\"message\",d.wp.receiveEmbedMessage,!1),l.addEventListener(\"DOMContentLoaded\",function(){for(var e,t,s=l.querySelectorAll(\"iframe.wp-embedded-content\"),r=0;r<s.length;r++)(t=(e=s[r]).getAttribute(\"data-secret\"))||(t=Math.random().toString(36).substring(2,12),e.src+=\"#?secret=\"+t,e.setAttribute(\"data-secret\",t)),e.contentWindow.postMessage({message:\"ready\",secret:t},\"*\")},!1)))}(window,document);\n\/\/# sourceURL=https:\/\/lfelsalvador.org\/wp-includes\/js\/wp-embed.min.js\n\/* ]]> *\/\n<\/script>\n","description":"Le programme est divis\u00e9 en cinq domaines d\u2019activit\u00e9: Mobiliser le langage dans toutes ses dimensions Agir, s\u2019exprimer, comprendre \u00e0 travers l\u2019activit\u00e9 physique Agir, s\u2019exprimer, comprendre \u00e0 travers les activit\u00e9s artistiques Construire les premiers outils pour structurer sa pens\u00e9e Explorer le monde La petite section, la moyenne section et la grande section d\u2019\u00e9cole maternelle forment le [&hellip;]","thumbnail_url":"http:\/\/lfelsalvador.org\/wp-content\/uploads\/2016\/08\/Site-4.jpg"}